{"id":10,"date":"2021-01-21T16:58:23","date_gmt":"2021-01-21T15:58:23","guid":{"rendered":"https:\/\/amtsfeld-schule.de\/?page_id=10"},"modified":"2026-04-28T09:08:44","modified_gmt":"2026-04-28T07:08:44","slug":"startseite","status":"publish","type":"page","link":"https:\/\/amtsfeld-grundschule.de\/","title":{"rendered":"Startseite"},"content":{"rendered":"<p><div class=\"fusion-fullwidth fullwidth-box fusion-builder-row-1 fusion-flex-container nonhundred-percent-fullwidth non-hundred-percent-height-scrolling\" style=\"--awb-border-sizes-top:0;--awb-border-sizes-bottom:0;--awb-border-sizes-left:0;--awb-border-sizes-right:0;--awb-border-color:#922510;--awb-border-radius-top-left:0px;--awb-border-radius-top-right:0px;--awb-border-radius-bottom-right:0px;--awb-border-radius-bottom-left:0px;--awb-padding-top:45px;--awb-margin-top:0px;--awb-flex-wrap:wrap;\" ><div class=\"fusion-builder-row fusion-row fusion-flex-align-items-flex-start fusion-flex-content-wrap\" style=\"max-width:1404px;margin-left: calc(-4% \/ 2 );margin-right: calc(-4% \/ 2 );\"><div class=\"fusion-layout-column fusion_builder_column fusion-builder-column-0 fusion_builder_column_1_1 1_1 fusion-flex-column\" style=\"--awb-padding-top:12px;--awb-padding-right:12px;--awb-padding-bottom:12px;--awb-padding-left:12px;--awb-overflow:hidden;--awb-bg-color:rgba(233,233,233,0.96);--awb-bg-color-hover:rgba(233,233,233,0.96);--awb-bg-size:cover;--awb-border-color:rgba(146,37,16,0.75);--awb-border-top:12px;--awb-border-right:12px;--awb-border-bottom:12px;--awb-border-left:12px;--awb-border-style:solid;--awb-border-radius:12px 12px 12px 12px;--awb-width-large:100%;--awb-margin-top-large:0px;--awb-spacing-right-large:1.92%;--awb-margin-bottom-large:50px;--awb-spacing-left-large:1.92%;--awb-width-medium:100%;--awb-order-medium:0;--awb-spacing-right-medium:1.92%;--awb-spacing-left-medium:1.92%;--awb-width-small:100%;--awb-order-small:0;--awb-spacing-right-small:1.92%;--awb-spacing-left-small:1.92%;\"><div class=\"fusion-column-wrapper fusion-column-has-shadow fusion-flex-justify-content-flex-start fusion-content-layout-column\"><div class=\"fusion-text fusion-text-1\" style=\"--awb-text-color:#636363;\"><h1>Wichtige Termine:<img decoding=\"async\" class=\"size-full wp-image-4158 alignright\" src=\"https:\/\/amtsfeld-grundschule.de\/wp-content\/uploads\/2023\/05\/Kalender.gif\" alt=\"\" width=\"250\" height=\"147\"><\/h1>\n<p><b>13.04.2026: Beginn des rollierenden Lesebands (Kl. 3 bis 5)<br \/>16.04.2026: Vorlesewettbewerb der Schulanfangsphase <br \/>28.04.2026: 14.00 Uhr: Talentefest der eF\u00f6B<br \/>17. &#8211; 19.05.2026: Fotoaktion f\u00fcr die Klasse 3 bis 6<br \/>29.05.2026: Kinderfest<br \/>04.06.2026: Sportfest Filiale<br \/>05.06.2026: Sportfest Haupthaus<br \/>08.06.2026: 16.00 Uhr: Schulkonferenz<br \/>15.06.2026: 18.00 Uhr: 0. Elternabend der Lernanf\u00e4nger:innen (2026)<\/b><\/p>\n<p><b><\/b><\/p>\n<\/div><\/div><\/div><div class=\"fusion-layout-column fusion_builder_column fusion-builder-column-1 fusion_builder_column_1_1 1_1 fusion-flex-column\" style=\"--awb-padding-top:12px;--awb-padding-right:12px;--awb-padding-bottom:12px;--awb-padding-left:12px;--awb-overflow:hidden;--awb-bg-color:rgba(233,233,233,0.96);--awb-bg-color-hover:rgba(233,233,233,0.96);--awb-bg-size:cover;--awb-border-color:rgba(146,37,16,0.75);--awb-border-top:12px;--awb-border-right:12px;--awb-border-bottom:12px;--awb-border-left:12px;--awb-border-style:solid;--awb-border-radius:12px 12px 12px 12px;--awb-width-large:100%;--awb-margin-top-large:0px;--awb-spacing-right-large:1.92%;--awb-margin-bottom-large:50px;--awb-spacing-left-large:1.92%;--awb-width-medium:100%;--awb-order-medium:0;--awb-spacing-right-medium:1.92%;--awb-spacing-left-medium:1.92%;--awb-width-small:100%;--awb-order-small:0;--awb-spacing-right-small:1.92%;--awb-spacing-left-small:1.92%;\"><div class=\"fusion-column-wrapper fusion-column-has-shadow fusion-flex-justify-content-flex-start fusion-content-layout-column\"><div class=\"fusion-text fusion-text-2\"><h2><img decoding=\"async\" class=\"size-medium wp-image-4524 alignright\" src=\"https:\/\/amtsfeld-grundschule.de\/wp-content\/uploads\/2023\/12\/Weihnachtsgruesse-300x167.jpg\" alt=\"\" width=\"300\" height=\"167\" srcset=\"https:\/\/amtsfeld-grundschule.de\/wp-content\/uploads\/2023\/12\/Weihnachtsgruesse-200x111.jpg 200w, https:\/\/amtsfeld-grundschule.de\/wp-content\/uploads\/2023\/12\/Weihnachtsgruesse-300x167.jpg 300w, https:\/\/amtsfeld-grundschule.de\/wp-content\/uploads\/2023\/12\/Weihnachtsgruesse-400x223.jpg 400w, https:\/\/amtsfeld-grundschule.de\/wp-content\/uploads\/2023\/12\/Weihnachtsgruesse-600x334.jpg 600w, https:\/\/amtsfeld-grundschule.de\/wp-content\/uploads\/2023\/12\/Weihnachtsgruesse-768x428.jpg 768w, https:\/\/amtsfeld-grundschule.de\/wp-content\/uploads\/2023\/12\/Weihnachtsgruesse-800x446.jpg 800w, https:\/\/amtsfeld-grundschule.de\/wp-content\/uploads\/2023\/12\/Weihnachtsgruesse.jpg 1000w\" sizes=\"(max-width: 300px) 100vw, 300px\" \/>sommerferien 2026<\/h2>\n<p>Ferienbetreuung vom 09.07. bis 22.08.2026<\/p>\n<p>Tel.: 030 84598896 (telefonische Abmeldung bitte bis 09.00 Uhr)<\/p>\n<\/div><\/div><\/div><div class=\"fusion-layout-column fusion_builder_column fusion-builder-column-2 fusion_builder_column_1_1 1_1 fusion-flex-column\" style=\"--awb-padding-top:12px;--awb-padding-right:12px;--awb-padding-bottom:12px;--awb-padding-left:12px;--awb-overflow:hidden;--awb-bg-color:rgba(233,233,233,0.96);--awb-bg-color-hover:rgba(233,233,233,0.96);--awb-bg-size:cover;--awb-border-color:rgba(146,37,16,0.75);--awb-border-top:12px;--awb-border-right:12px;--awb-border-bottom:12px;--awb-border-left:12px;--awb-border-style:solid;--awb-border-radius:12px 12px 12px 12px;--awb-width-large:100%;--awb-margin-top-large:0px;--awb-spacing-right-large:1.92%;--awb-margin-bottom-large:50px;--awb-spacing-left-large:1.92%;--awb-width-medium:100%;--awb-order-medium:0;--awb-spacing-right-medium:1.92%;--awb-spacing-left-medium:1.92%;--awb-width-small:100%;--awb-order-small:0;--awb-spacing-right-small:1.92%;--awb-spacing-left-small:1.92%;\"><div class=\"fusion-column-wrapper fusion-column-has-shadow fusion-flex-justify-content-flex-start fusion-content-layout-column\"><div class=\"fusion-text fusion-text-3\"><h1>Amtsfeld-Grundschule 2025\/26<img decoding=\"async\" class=\"size-medium wp-image-4381 alignright\" src=\"https:\/\/amtsfeld-grundschule.de\/wp-content\/uploads\/2023\/07\/Eingang-Hh-e1688451043327-300x201.jpg\" alt=\"\" width=\"300\" height=\"201\"><\/h1>\n<p><b>597 Sch\u00fcler:innen in 25 Klassen, davon 294 Kinder in der erweiterten F\u00f6rderung und Betreuung (eF\u00f6B = &#8222;Hort&#8220;)<br \/>48 Lehrer:innen und 18 Erzieher:innen sowie 8 weitere Mitarbeiter:innen.<\/b><\/p>\n<\/div><\/div><\/div><div class=\"fusion-layout-column fusion_builder_column fusion-builder-column-3 fusion_builder_column_1_1 1_1 fusion-flex-column\" style=\"--awb-padding-top:12px;--awb-padding-right:12px;--awb-padding-bottom:12px;--awb-padding-left:12px;--awb-overflow:hidden;--awb-bg-color:rgba(233,233,233,0.96);--awb-bg-color-hover:rgba(233,233,233,0.96);--awb-bg-size:cover;--awb-border-color:rgba(146,37,16,0.75);--awb-border-top:12px;--awb-border-right:12px;--awb-border-bottom:12px;--awb-border-left:12px;--awb-border-style:solid;--awb-border-radius:12px 12px 12px 12px;--awb-width-large:100%;--awb-margin-top-large:0px;--awb-spacing-right-large:1.92%;--awb-margin-bottom-large:50px;--awb-spacing-left-large:1.92%;--awb-width-medium:100%;--awb-order-medium:0;--awb-spacing-right-medium:1.92%;--awb-spacing-left-medium:1.92%;--awb-width-small:100%;--awb-order-small:0;--awb-spacing-right-small:1.92%;--awb-spacing-left-small:1.92%;\"><div class=\"fusion-column-wrapper fusion-column-has-shadow fusion-flex-justify-content-flex-start fusion-content-layout-column\"><div class=\"fusion-text fusion-text-4\"><h2>Anmeldung f\u00fcr das Mittagessen<img decoding=\"async\" class=\"size-full wp-image-4568 alignright\" src=\"https:\/\/amtsfeld-grundschule.de\/wp-content\/uploads\/2024\/06\/Besteck.png\" alt=\"\" width=\"224\" height=\"224\" srcset=\"https:\/\/amtsfeld-grundschule.de\/wp-content\/uploads\/2024\/06\/Besteck-66x66.png 66w, https:\/\/amtsfeld-grundschule.de\/wp-content\/uploads\/2024\/06\/Besteck-150x150.png 150w, https:\/\/amtsfeld-grundschule.de\/wp-content\/uploads\/2024\/06\/Besteck-200x200.png 200w, https:\/\/amtsfeld-grundschule.de\/wp-content\/uploads\/2024\/06\/Besteck.png 224w\" sizes=\"(max-width: 224px) 100vw, 224px\" \/><br \/>(Vielfalt Men\u00fc GmbH)<\/h2>\n<p><b style=\"color: #000000;\"><a href=\"https:\/\/amtsfeld-grundschule.de\/wp-content\/uploads\/2024\/06\/Vielfalt-Menue-Online-Registrierung-2024.pdf\">Hier die Vorgehensweise f\u00fcr die online-Anmeldung<\/a><a href=\"https:\/\/amtsfeld-grundschule.de\/wp-content\/uploads\/2024\/06\/Vielfalt-Menue-Online-Registrierung-2024.pdf\"><br \/><\/a><a href=\"https:\/\/amtsfeld-grundschule.de\/wp-content\/uploads\/2024\/10\/2024-10-22-Anschreiben-Bestellsystem.pdf\" target=\"_blank\" rel=\"noopener noreferrer\">Brief des Bezirks zur Bestellung des kostenfreien Mittagessens<br \/><\/a><\/b><\/p>\n<\/div><\/div><\/div><div class=\"fusion-layout-column fusion_builder_column fusion-builder-column-4 fusion_builder_column_1_1 1_1 fusion-flex-column\" style=\"--awb-padding-top:12px;--awb-padding-right:12px;--awb-padding-bottom:12px;--awb-padding-left:12px;--awb-overflow:hidden;--awb-bg-color:rgba(233,233,233,0.96);--awb-bg-color-hover:rgba(233,233,233,0.96);--awb-bg-size:cover;--awb-border-color:rgba(146,37,16,0.75);--awb-border-top:12px;--awb-border-right:12px;--awb-border-bottom:12px;--awb-border-left:12px;--awb-border-style:solid;--awb-border-radius:12px 12px 12px 12px;--awb-width-large:100%;--awb-margin-top-large:0px;--awb-spacing-right-large:1.92%;--awb-margin-bottom-large:50px;--awb-spacing-left-large:1.92%;--awb-width-medium:100%;--awb-order-medium:0;--awb-spacing-right-medium:1.92%;--awb-spacing-left-medium:1.92%;--awb-width-small:100%;--awb-order-small:0;--awb-spacing-right-small:1.92%;--awb-spacing-left-small:1.92%;\"><div class=\"fusion-column-wrapper fusion-column-has-shadow fusion-flex-justify-content-flex-start fusion-content-layout-column\"><div class=\"fusion-text fusion-text-5\"><h2><img decoding=\"async\" class=\" wp-image-4360 alignright\" src=\"https:\/\/amtsfeld-grundschule.de\/wp-content\/uploads\/2023\/07\/clock-300x300.png\" alt=\"\" width=\"169\" height=\"169\" srcset=\"https:\/\/amtsfeld-grundschule.de\/wp-content\/uploads\/2023\/07\/clock-66x66.png 66w, https:\/\/amtsfeld-grundschule.de\/wp-content\/uploads\/2023\/07\/clock-150x150.png 150w, https:\/\/amtsfeld-grundschule.de\/wp-content\/uploads\/2023\/07\/clock-200x200.png 200w, https:\/\/amtsfeld-grundschule.de\/wp-content\/uploads\/2023\/07\/clock-300x300.png 300w, https:\/\/amtsfeld-grundschule.de\/wp-content\/uploads\/2023\/07\/clock.png 384w\" sizes=\"(max-width: 169px) 100vw, 169px\" \/>Unterrichtszeiten im Schuljahr 2025\/26<\/h2>\n<p><b style=\"color: #000000;\">Beginn: 07.50 Uhr<br \/>Ende (der 6. Stunde): 13.40 Uhr<br \/><a href=\"https:\/\/amtsfeld-grundschule.de\/?page_id=1022\" target=\"_blank\" rel=\"noopener noreferrer\">Hier die \u00dcbersicht<\/a><br \/><\/b><\/p>\n<\/div><\/div><\/div><div class=\"fusion-layout-column fusion_builder_column fusion-builder-column-5 fusion_builder_column_1_1 1_1 fusion-flex-column\" style=\"--awb-padding-top:12px;--awb-padding-right:12px;--awb-padding-bottom:12px;--awb-padding-left:12px;--awb-overflow:hidden;--awb-bg-color:rgba(233,233,233,0.96);--awb-bg-color-hover:rgba(233,233,233,0.96);--awb-bg-size:cover;--awb-border-color:rgba(146,37,16,0.75);--awb-border-top:12px;--awb-border-right:12px;--awb-border-bottom:12px;--awb-border-left:12px;--awb-border-style:solid;--awb-border-radius:12px 12px 12px 12px;--awb-width-large:100%;--awb-margin-top-large:0px;--awb-spacing-right-large:1.92%;--awb-margin-bottom-large:50px;--awb-spacing-left-large:1.92%;--awb-width-medium:100%;--awb-order-medium:0;--awb-spacing-right-medium:1.92%;--awb-spacing-left-medium:1.92%;--awb-width-small:100%;--awb-order-small:0;--awb-spacing-right-small:1.92%;--awb-spacing-left-small:1.92%;\"><div class=\"fusion-column-wrapper fusion-column-has-shadow fusion-flex-justify-content-flex-start fusion-content-layout-column\"><div class=\"fusion-text fusion-text-6\"><h2>Datenschutzhinweise f\u00fcr Eltern<img decoding=\"async\" class=\" wp-image-4587 alignright\" src=\"https:\/\/amtsfeld-grundschule.de\/wp-content\/uploads\/2024\/09\/proxy-image.jpeg\" alt=\"\" width=\"170\" height=\"170\" srcset=\"https:\/\/amtsfeld-grundschule.de\/wp-content\/uploads\/2024\/09\/proxy-image-66x66.jpeg 66w, https:\/\/amtsfeld-grundschule.de\/wp-content\/uploads\/2024\/09\/proxy-image-150x150.jpeg 150w, https:\/\/amtsfeld-grundschule.de\/wp-content\/uploads\/2024\/09\/proxy-image-200x200.jpeg 200w, https:\/\/amtsfeld-grundschule.de\/wp-content\/uploads\/2024\/09\/proxy-image.jpeg 220w\" sizes=\"(max-width: 170px) 100vw, 170px\" \/><\/h2>\n<p><b style=\"color: #000000;\"><a href=\"https:\/\/amtsfeld-grundschule.de\/wp-content\/uploads\/2024\/09\/Datenschutzhinweise-fuer-Eltern-Amtsfeld-Grundschule.pdf\" target=\"_blank\" rel=\"noopener noreferrer\">Hier das Dokument<br \/><\/a>Sie k\u00f6nnen das Dokument im Schulsekretariat auch in Papierform erhalten.<br \/><\/b><\/p>\n<\/div><\/div><\/div><div class=\"fusion-layout-column fusion_builder_column fusion-builder-column-6 fusion_builder_column_1_1 1_1 fusion-flex-column\" style=\"--awb-padding-top:12px;--awb-padding-right:12px;--awb-padding-bottom:12px;--awb-padding-left:12px;--awb-overflow:hidden;--awb-bg-color:rgba(233,233,233,0.96);--awb-bg-color-hover:rgba(233,233,233,0.96);--awb-bg-size:cover;--awb-border-color:rgba(146,37,16,0.75);--awb-border-top:12px;--awb-border-right:12px;--awb-border-bottom:12px;--awb-border-left:12px;--awb-border-style:solid;--awb-border-radius:12px 12px 12px 12px;--awb-width-large:100%;--awb-margin-top-large:0px;--awb-spacing-right-large:1.92%;--awb-margin-bottom-large:50px;--awb-spacing-left-large:1.92%;--awb-width-medium:100%;--awb-order-medium:0;--awb-spacing-right-medium:1.92%;--awb-spacing-left-medium:1.92%;--awb-width-small:100%;--awb-order-small:0;--awb-spacing-right-small:1.92%;--awb-spacing-left-small:1.92%;\"><div class=\"fusion-column-wrapper fusion-column-has-shadow fusion-flex-justify-content-flex-start fusion-content-layout-column\"><div class=\"fusion-text fusion-text-7\" style=\"--awb-text-color:#636363;\"><h2><img decoding=\"async\" class=\" wp-image-1424 alignright\" src=\"https:\/\/amtsfeld-grundschule.de\/wp-content\/uploads\/2021\/01\/logo_Test_5-295x300.png\" alt=\"\" width=\"166\" height=\"169\" srcset=\"https:\/\/amtsfeld-grundschule.de\/wp-content\/uploads\/2021\/01\/logo_Test_5-66x66.png 66w, https:\/\/amtsfeld-grundschule.de\/wp-content\/uploads\/2021\/01\/logo_Test_5-200x203.png 200w, https:\/\/amtsfeld-grundschule.de\/wp-content\/uploads\/2021\/01\/logo_Test_5-295x300.png 295w, https:\/\/amtsfeld-grundschule.de\/wp-content\/uploads\/2021\/01\/logo_Test_5-400x406.png 400w, https:\/\/amtsfeld-grundschule.de\/wp-content\/uploads\/2021\/01\/logo_Test_5-600x609.png 600w, https:\/\/amtsfeld-grundschule.de\/wp-content\/uploads\/2021\/01\/logo_Test_5-768x780.png 768w, https:\/\/amtsfeld-grundschule.de\/wp-content\/uploads\/2021\/01\/logo_Test_5-800x812.png 800w, https:\/\/amtsfeld-grundschule.de\/wp-content\/uploads\/2021\/01\/logo_Test_5-1009x1024.png 1009w, https:\/\/amtsfeld-grundschule.de\/wp-content\/uploads\/2021\/01\/logo_Test_5-1200x1218.png 1200w, https:\/\/amtsfeld-grundschule.de\/wp-content\/uploads\/2021\/01\/logo_Test_5.png 1500w\" sizes=\"(max-width: 166px) 100vw, 166px\" \/>Mitgliederversammlung des F\u00f6rdervereins<\/h2>\n<p>Die n\u00e4chste Mitgliederversammlung findet statt:<br \/>Zeit:<br \/>Ort: <a href=\"https:\/\/amtsfeld-grundschule.de\/wp-content\/uploads\/2022\/09\/Einladung-Mitgliederversammlung-2022-10-05.pdf\" target=\"_blank\" rel=\"noopener noreferrer\">Haupthaus A 007<br \/><\/a>Einladung folgt<\/p>\n<\/div><\/div><\/div><\/div><\/div><div class=\"fusion-fullwidth fullwidth-box fusion-builder-row-2 fusion-flex-container nonhundred-percent-fullwidth non-hundred-percent-height-scrolling\" style=\"--awb-border-radius-top-left:0px;--awb-border-radius-top-right:0px;--awb-border-radius-bottom-right:0px;--awb-border-radius-bottom-left:0px;--awb-flex-wrap:wrap;\" ><div class=\"fusion-builder-row fusion-row fusion-flex-align-items-flex-start fusion-flex-content-wrap\" style=\"max-width:1404px;margin-left: calc(-4% \/ 2 );margin-right: calc(-4% \/ 2 );\"><\/div><\/div><\/p>\n","protected":false},"excerpt":{"rendered":"","protected":false},"author":1,"featured_media":0,"parent":0,"menu_order":0,"comment_status":"closed","ping_status":"closed","template":"100-width.php","meta":{"footnotes":""},"class_list":["post-10","page","type-page","status-publish","hentry"],"_links":{"self":[{"href":"https:\/\/amtsfeld-grundschule.de\/index.php?rest_route=\/wp\/v2\/pages\/10","targetHints":{"allow":["GET"]}}],"collection":[{"href":"https:\/\/amtsfeld-grundschule.de\/index.php?rest_route=\/wp\/v2\/pages"}],"about":[{"href":"https:\/\/amtsfeld-grundschule.de\/index.php?rest_route=\/wp\/v2\/types\/page"}],"author":[{"embeddable":true,"href":"https:\/\/amtsfeld-grundschule.de\/index.php?rest_route=\/wp\/v2\/users\/1"}],"replies":[{"embeddable":true,"href":"https:\/\/amtsfeld-grundschule.de\/index.php?rest_route=%2Fwp%2Fv2%2Fcomments&post=10"}],"version-history":[{"count":590,"href":"https:\/\/amtsfeld-grundschule.de\/index.php?rest_route=\/wp\/v2\/pages\/10\/revisions"}],"predecessor-version":[{"id":4932,"href":"https:\/\/amtsfeld-grundschule.de\/index.php?rest_route=\/wp\/v2\/pages\/10\/revisions\/4932"}],"wp:attachment":[{"href":"https:\/\/amtsfeld-grundschule.de\/index.php?rest_route=%2Fwp%2Fv2%2Fmedia&parent=10"}],"curies":[{"name":"wp","href":"https:\/\/api.w.org\/{rel}","templated":true}]}}