{"id":1608,"date":"2021-06-23T10:38:54","date_gmt":"2021-06-23T08:38:54","guid":{"rendered":"https:\/\/amtsfeld-schule.de\/?page_id=1608"},"modified":"2021-11-19T09:31:10","modified_gmt":"2021-11-19T08:31:10","slug":"lebenskunde-2","status":"publish","type":"page","link":"https:\/\/amtsfeld-grundschule.de\/?page_id=1608","title":{"rendered":"Lebenskunde"},"content":{"rendered":"<p><div class=\"fusion-fullwidth fullwidth-box fusion-builder-row-1 fusion-flex-container fusion-parallax-none nonhundred-percent-fullwidth non-hundred-percent-height-scrolling fusion-no-small-visibility\" style=\"--awb-border-radius-top-left:0px;--awb-border-radius-top-right:0px;--awb-border-radius-bottom-right:0px;--awb-border-radius-bottom-left:0px;--awb-padding-top:33px;--awb-background-image:url(&quot;https:\/\/amtsfeld-grundschule.de\/wp-content\/uploads\/2021\/01\/cropped-amtsfeld_grundschule_02-1.jpg&quot;);--awb-background-size:cover;--awb-flex-wrap:wrap;\" ><div class=\"fusion-builder-row fusion-row fusion-flex-align-items-flex-start fusion-flex-content-wrap\" style=\"max-width:1404px;margin-left: calc(-4% \/ 2 );margin-right: calc(-4% \/ 2 );\"><div class=\"fusion-layout-column fusion_builder_column fusion-builder-column-0 fusion_builder_column_1_1 1_1 fusion-flex-column\" style=\"--awb-bg-size:cover;--awb-width-large:100%;--awb-margin-top-large:0px;--awb-spacing-right-large:1.92%;--awb-margin-bottom-large:50px;--awb-spacing-left-large:1.92%;--awb-width-medium:100%;--awb-order-medium:0;--awb-spacing-right-medium:1.92%;--awb-spacing-left-medium:1.92%;--awb-width-small:100%;--awb-order-small:0;--awb-spacing-right-small:1.92%;--awb-spacing-left-small:1.92%;\"><div class=\"fusion-column-wrapper fusion-column-has-shadow fusion-flex-justify-content-flex-start fusion-content-layout-column\"><div class=\"fusion-image-element \" style=\"--awb-margin-left:33px;--awb-caption-title-font-family:var(--h2_typography-font-family);--awb-caption-title-font-weight:var(--h2_typography-font-weight);--awb-caption-title-font-style:var(--h2_typography-font-style);--awb-caption-title-size:var(--h2_typography-font-size);--awb-caption-title-transform:var(--h2_typography-text-transform);--awb-caption-title-line-height:var(--h2_typography-line-height);--awb-caption-title-letter-spacing:var(--h2_typography-letter-spacing);\"><span class=\" fusion-imageframe imageframe-none imageframe-1 hover-type-none\"><img decoding=\"async\" width=\"300\" height=\"194\" title=\"Blank Chalk Board\" src=\"https:\/\/amtsfeld-grundschule.de\/wp-content\/uploads\/2021\/06\/Titel_Tafel_Lebenskunde-300x194.jpg\" alt class=\"img-responsive wp-image-1569\" srcset=\"https:\/\/amtsfeld-grundschule.de\/wp-content\/uploads\/2021\/06\/Titel_Tafel_Lebenskunde-200x129.jpg 200w, https:\/\/amtsfeld-grundschule.de\/wp-content\/uploads\/2021\/06\/Titel_Tafel_Lebenskunde-400x258.jpg 400w, https:\/\/amtsfeld-grundschule.de\/wp-content\/uploads\/2021\/06\/Titel_Tafel_Lebenskunde-600x387.jpg 600w, https:\/\/amtsfeld-grundschule.de\/wp-content\/uploads\/2021\/06\/Titel_Tafel_Lebenskunde-800x516.jpg 800w, https:\/\/amtsfeld-grundschule.de\/wp-content\/uploads\/2021\/06\/Titel_Tafel_Lebenskunde-1200x774.jpg 1200w\" sizes=\"(max-width: 1024px) 100vw, (max-width: 640px) 100vw, 1200px\" \/><\/span><\/div><\/div><\/div><\/div><\/div><div class=\"fusion-fullwidth fullwidth-box fusion-builder-row-2 fusion-flex-container nonhundred-percent-fullwidth non-hundred-percent-height-scrolling\" style=\"--awb-border-radius-top-left:0px;--awb-border-radius-top-right:0px;--awb-border-radius-bottom-right:0px;--awb-border-radius-bottom-left:0px;--awb-flex-wrap:wrap;\" ><div class=\"fusion-builder-row fusion-row fusion-flex-align-items-flex-start fusion-flex-content-wrap\" style=\"max-width:1404px;margin-left: calc(-4% \/ 2 );margin-right: calc(-4% \/ 2 );\"><div class=\"fusion-layout-column fusion_builder_column fusion-builder-column-1 fusion_builder_column_1_1 1_1 fusion-flex-column\" style=\"--awb-padding-top:12px;--awb-padding-right:12px;--awb-padding-bottom:12px;--awb-padding-left:12px;--awb-overflow:hidden;--awb-bg-color:rgba(233,233,233,0.96);--awb-bg-color-hover:rgba(233,233,233,0.96);--awb-bg-size:cover;--awb-border-color:rgba(146,37,16,0.75);--awb-border-top:12px;--awb-border-right:12px;--awb-border-bottom:12px;--awb-border-left:12px;--awb-border-style:solid;--awb-border-radius:12px 12px 12px 12px;--awb-width-large:100%;--awb-margin-top-large:33px;--awb-spacing-right-large:1.92%;--awb-margin-bottom-large:50px;--awb-spacing-left-large:1.92%;--awb-width-medium:100%;--awb-order-medium:0;--awb-spacing-right-medium:1.92%;--awb-spacing-left-medium:1.92%;--awb-width-small:100%;--awb-order-small:0;--awb-spacing-right-small:1.92%;--awb-spacing-left-small:1.92%;\"><div class=\"fusion-column-wrapper fusion-column-has-shadow fusion-flex-justify-content-flex-start fusion-content-layout-column\"><div class=\"fusion-text fusion-text-1\"><h3><img decoding=\"async\" class=\" wp-image-2150 alignright\" src=\"https:\/\/amtsfeld-grundschule.de\/wp-content\/uploads\/2021\/09\/Bild1-300x165.jpg\" alt=\"\" width=\"409\" height=\"225\" srcset=\"https:\/\/amtsfeld-grundschule.de\/wp-content\/uploads\/2021\/09\/Bild1-200x110.jpg 200w, https:\/\/amtsfeld-grundschule.de\/wp-content\/uploads\/2021\/09\/Bild1-300x165.jpg 300w, https:\/\/amtsfeld-grundschule.de\/wp-content\/uploads\/2021\/09\/Bild1-400x221.jpg 400w, https:\/\/amtsfeld-grundschule.de\/wp-content\/uploads\/2021\/09\/Bild1-600x331.jpg 600w, https:\/\/amtsfeld-grundschule.de\/wp-content\/uploads\/2021\/09\/Bild1-768x424.jpg 768w, https:\/\/amtsfeld-grundschule.de\/wp-content\/uploads\/2021\/09\/Bild1-800x441.jpg 800w, https:\/\/amtsfeld-grundschule.de\/wp-content\/uploads\/2021\/09\/Bild1-1024x565.jpg 1024w, https:\/\/amtsfeld-grundschule.de\/wp-content\/uploads\/2021\/09\/Bild1-1200x662.jpg 1200w, https:\/\/amtsfeld-grundschule.de\/wp-content\/uploads\/2021\/09\/Bild1.jpg 1240w\" sizes=\"(max-width: 409px) 100vw, 409px\" \/><\/p>\n<p><span style=\"font-family: Calibri, sans-serif;\"><span style=\"font-size: small;\"><b>Humanistische Lebenskunde \u2013 was ist das?<\/b><\/span><\/span><\/p>\n<p><span style=\"font-family: Calibri, sans-serif;\"><span style=\"font-size: small;\">Humanistische Lebenskunde ist wie der Religionsunterricht ein freiwilliges Bekenntnis- und Wertefach, das in der Tradition der europ\u00e4ischen Aufkl\u00e4rung steht. Es wird an Berliner und Brandenburger Schulen auf Grundlage von \u00a7 13 des Berliner und \u00a7 9 des Brandenburger Schulgesetzes angeboten.<\/span><\/span><\/p>\n<p><span style=\"font-family: Calibri, sans-serif;\"><span style=\"font-size: small;\">Grundlagen des Lebenskundeunterrichts bilden Erkenntnisse \u00fcber Natur und Gesellschaft. Es werden weltlich-humanistische Grunds\u00e4tze und Werte vermittelt. Im Mittelpunkt stehen Verantwortung, Selbstbestimmung und Toleranz.<\/span><\/span><\/p>\n<p><span style=\"font-family: Calibri, sans-serif;\"><span style=\"font-size: small;\">Humanistische Lebenskunde kn\u00fcpft dabei an das in anderen F\u00e4chern erworbene Wissen an und erweitert es um eine moralisch-ethische Dimension. Humanistische Lebenskunde orientiert sich an den Erfahrungen, Gef\u00fchlen und der Gedankenwelt der Sch\u00fcler_innen und stellt diese in den Mittelpunkt des Unterrichts. Sie werden ermuntert, frei und im Dialog \u00fcber sich und die Welt nachzudenken, um sich ihrer Verantwortung f\u00fcr das eigene Leben und ihre Umwelt bewusst zu werden. Sie werden angeregt, Standpunkte aus nicht-religi\u00f6ser, humanistischer Sicht zu entwickeln. Um eine m\u00f6glichst freie Auseinandersetzung mit diesen Themen und Fragen zu erm\u00f6glichen, wird im Lebenskundeunterricht auf Zensuren verzichtet.<\/span><\/span><\/p>\n<p><span style=\"font-family: Calibri, sans-serif;\"><span style=\"font-size: small;\"><b>Was passiert im Unterricht?<\/b><\/span><\/span><\/p>\n<p><span style=\"font-family: Calibri, sans-serif;\"><span style=\"font-size: small;\">Lebensfreude und Lebensmut, Freundschaft und erste Liebe, Erwachsenenwelt und Kinderalltag, Selbstvertrauen und Selbstbestimmung, Leben, Tod und Verantwortung sind nur einige Themen des Schulfachs Humanistische Lebenskunde. Im Unterricht werden Grunds\u00e4tze und Werte einer humanistischen Lebensauffassung in einer verst\u00e4ndlichen Form vermittelt. <\/span><\/span><\/p>\n<p><span style=\"font-family: Calibri, sans-serif;\"><span style=\"font-size: small;\">Die Themen werden didaktisch und methodisch altersgerecht aufgearbeitet. Die Freude am Lernen und Entdecken steht im Mittelpunkt jeder Unterrichtsstunde. Es wird philosophiert, diskutiert, Collagen gestaltet, Theater gespielt, gebastelt und gemalt. Es gibt Lernwerkst\u00e4tten, in denen die Sch\u00fcler_innen das Tempo selbst bestimmen, Videos werden gedreht und auch manchmal angesehen. <\/span><\/span><\/p>\n<p><span style=\"font-family: Calibri, sans-serif;\"><span style=\"font-size: small;\"><b>Wer kann teilnehmen?<\/b><\/span><\/span><\/p>\n<p><span style=\"font-family: Calibri, sans-serif;\"><span style=\"font-size: small;\">Der Lebenskundeunterricht steht allen Sch\u00fcler_innen offen. Voraussetzung ist eine schriftliche Anmeldung, die bis zum 14. Lebensjahr durch die Eltern erfolgen muss. <\/span><\/span><\/p>\n<p><span style=\"font-family: Calibri, sans-serif;\"><span style=\"font-size: small;\">F\u00fcr die Durchf\u00fchrung des Weltanschauungsunterrichts Humanistische Lebenskunde ist der Humanistische Verband Deutschlands, Landesverband Berlin-Brandenburg verantwortlich. Er qualifiziert die Lehrkr\u00e4fte, erteilt den Lehrauftrag und \u00fcbt die Dienst- und Fachaufsicht aus. <\/span><\/span><\/p>\n<p><span style=\"font-family: Calibri, sans-serif;\"><span style=\"font-size: small;\">Inhaltliche Grundlage f\u00fcr den Unterricht ist der Rahmenlehrplan f\u00fcr den Lebenskundeunterricht. Sie finden diesen und weitere Informationen unter <\/span><\/span><span style=\"color: #0563c1;\"><u><a href=\"http:\/\/www.lebenskunde.de\/\"><span style=\"font-family: Calibri, sans-serif;\"><span style=\"font-size: small;\">www.lebenskunde.de<\/span><\/span><\/a><\/u><\/span><span style=\"font-family: Calibri, sans-serif;\"><span style=\"font-size: small;\">.<\/span><\/span><\/p>\n<p><a href=\"https:\/\/www.youtube.com\/watch?v=mPweo8t4F-g\" target=\"_blank\" rel=\"noopener\">Video (extern): Humanistischer Verband Berlin-Brandenburg Kd\u00f6R<\/a><\/p>\n<p><span style=\"font-family: Calibri, sans-serif;\"><span style=\"font-size: small;\"><b>Beispiele f\u00fcr Unterrichtsthemen:<\/b><\/span><\/span><\/p>\n<p><span style=\"font-family: Calibri, sans-serif;\"><span style=\"font-size: small;\"><u>1. und 2. Klasse<\/u><\/span><\/span><\/p>\n<p><span style=\"font-family: Calibri, sans-serif;\"><span style=\"font-size: small;\"><b>U<\/b><b>nsere Lebenskunde-Gruppe<\/b>: Wir lernen uns kennen \/ <b>I<\/b><b>ch <\/b><b>und die Tiere<\/b>: Haustiere, Wildtiere und Lieblingstiere \/ <b>Feste im Jahresverlauf<\/b>: Geburtstag, Weihnachten und Ostern \/ <b>Gl\u00fcck<\/b>: Was bedeutet es f\u00fcr mich und f\u00fcr andere \/ <b>Freundschaft<\/b>: Wie man Freunde findet und warum sie so wichtig sind \/ <b>Gef\u00fchle<\/b>: Welche Gef\u00fchle gibt es und wie gehe ich mit meinen Gef\u00fchlen um \/ <b>Ich bin anders \u2026 und du:<\/b> Vielfalt im Klassenzimmer<\/span><\/span><\/p>\n<p><span style=\"font-family: Calibri, sans-serif;\"><span style=\"font-size: small;\"><u>3. und 4. Klasse<\/u><\/span><\/span><\/p>\n<p><span style=\"font-family: Calibri, sans-serif;\"><span style=\"font-size: small;\"><b>U<\/b><\/span><span style=\"font-size: small;\"><b>nsere<\/b><\/span> <span style=\"font-size: small;\"><b>Namen<\/b><\/span><span style=\"font-size: small;\">: Warum wir sie haben und was sie bedeuten \/ <\/span><span style=\"font-size: small;\"><b>Wie ist das mit der Angst<\/b><\/span><span style=\"font-size: small;\">: Warum man manchmal Angst hat \/ <\/span><span style=\"font-size: small;\"><b>Dinosaurier<\/b><\/span><span style=\"font-size: small;\">: Wie sie lebten und warum sie ausstarben \/ <\/span><span style=\"font-size: small;\"><b>Zauberei<\/b><\/span> <span style=\"font-size: small;\"><b>und<\/b><\/span> <span style=\"font-size: small;\"><b>Magie<\/b><\/span><span style=\"font-size: small;\">: Gibt es <\/span><span style=\"font-size: small;\">Hexen<\/span> <span style=\"font-size: small;\">und wie funktionieren Zaubert<\/span><span style=\"font-size: small;\">ricks \/ <\/span><span style=\"font-size: small;\"><b>Erfindungen<\/b><\/span><span style=\"font-size: small;\">: Wie Erfinder denken und die Welt ver\u00e4ndern \/ <\/span><span style=\"font-size: small;\"><b>Kinderrechte<\/b><\/span><span style=\"font-size: small;\">: Welche Rechte haben Kinder und warum sind sie wichtig \/<\/span> <span style=\"font-size: small;\"><b>Immer gibt es Streit:<\/b><\/span><span style=\"font-size: small;\"> Wie k\u00f6nnen wir Respekt und Toleranz lernen?<\/span><\/span><\/p>\n<p><span style=\"font-family: Calibri, sans-serif;\"><span style=\"font-size: small;\"><u>5. und 6. Klasse<img decoding=\"async\" class=\" wp-image-2152 alignright\" src=\"https:\/\/amtsfeld-grundschule.de\/wp-content\/uploads\/2021\/09\/Bild2-300x289.jpg\" alt=\"\" width=\"322\" height=\"310\" srcset=\"https:\/\/amtsfeld-grundschule.de\/wp-content\/uploads\/2021\/09\/Bild2-200x193.jpg 200w, https:\/\/amtsfeld-grundschule.de\/wp-content\/uploads\/2021\/09\/Bild2-300x289.jpg 300w, https:\/\/amtsfeld-grundschule.de\/wp-content\/uploads\/2021\/09\/Bild2-400x385.jpg 400w, https:\/\/amtsfeld-grundschule.de\/wp-content\/uploads\/2021\/09\/Bild2-600x578.jpg 600w, https:\/\/amtsfeld-grundschule.de\/wp-content\/uploads\/2021\/09\/Bild2.jpg 623w\" sizes=\"(max-width: 322px) 100vw, 322px\" \/><\/u><\/span><\/span><\/p>\n<p><span style=\"font-family: Calibri, sans-serif;\"><span style=\"font-size: small;\"><b>Roboter<\/b>: Wie sie funktionieren und warum wir sie einsetzen \/ <b>Sonne, Mond und Sterne<\/b>: Hat das Weltall eine Grenze und gibt es wirklich Aliens \/ <b>Augen, Nase, Ohr<\/b>: Wie arbeiten meine Sinne und kann man sie t\u00e4uschen \/ <b>Wale<\/b>: Wie sie leben und warum wir sie sch\u00fctzen m\u00fcssen \/ <b>Helden,<\/b> <b>Stars und Vorbilder<\/b>: So w\u00fcrde ich gerne sein \/ <b>Du bist, was du isst<\/b>: Fastfood, vegetarisch oder bio \u2013 wo unser Essen herkommt und wie man beim Einkaufen die Welt ver\u00e4ndern kann \/ <b>Alles f\u00fcr ein like:<\/b> Youtube, Influencer und Co. \/ <b>Die Welt ist eine Scheibe \u2026 oder nicht:<\/b> Fake News erkennen<\/span><\/span><\/p>\n<p><span style=\"font-family: Calibri, sans-serif;\"><span style=\"font-size: small;\"><b>Weiterf\u00fchrende Links:<\/b><\/span><\/span><\/p>\n<p><span style=\"font-family: Calibri, sans-serif;\"><span style=\"font-size: small;\">Internetseite zur Humanistischen Lebenskunde:<\/span><\/span><\/p>\n<p><span style=\"color: #0563c1;\"><u><a href=\"http:\/\/www.lebenskunde.de\/\"><span style=\"font-family: Calibri, sans-serif;\"><span style=\"font-size: small;\">www.lebenskunde.de<\/span><\/span><\/a><\/u><\/span><\/p>\n<p><span style=\"font-family: Calibri, sans-serif;\"><span style=\"font-size: small;\">Informationsbrief f\u00fcr Eltern:<\/span><\/span><\/p>\n<p><a name=\"LPlnk1\"><\/a> <span style=\"font-size: small;\"><a href=\"https:\/\/deref-gmx.net\/mail\/client\/ddhEmto1luk\/dereferrer\/?redirectUrl=https%3A%2F%2Fhumanistisch.de%2Fx%2Flebenskunde-bb%2Finhalte%2Finformationsbrief-fuer-eltern\" target=\"_blank\" rel=\"noopener\"><span style=\"font-family: Calibri, sans-serif;\">https:\/\/humanistisch.de\/x\/lebenskunde-bb\/inhalte\/informationsbrief-fuer-eltern<\/span><\/a><\/span><\/p>\n<p><span style=\"font-family: Calibri, sans-serif;\"><span style=\"font-size: small;\">Internetseite des Tr\u00e4gers in Berlin und Brandenburg \u2013 HVD Berlin-Brandenburg:<\/span><\/span><\/p>\n<p><span style=\"color: #0563c1;\"><u><a href=\"https:\/\/humanistisch.de\/x\/hvd-bb\"><span style=\"font-family: Calibri, sans-serif;\"><span style=\"font-size: small;\">https:\/\/humanistisch.de\/x\/hvd-bb<\/span><\/span><\/a><\/u><\/span><\/p>\n<p><span style=\"font-family: Calibri, sans-serif;\"><span style=\"font-size: small;\">Falls Sie mehr \u00fcber die humanistische Lebensauffassung erfahren m\u00f6chten, k\u00f6nnen Sie hier das Humanistische Selbstverst\u00e4ndnis lesen:<\/span><\/span><\/p>\n<p><span style=\"color: #0563c1;\"><u><a href=\"https:\/\/humanistisch.de\/x\/hvd-bb\/inhalte\/unser-selbstverstaendnis\"><span style=\"font-family: Calibri, sans-serif;\"><span style=\"font-size: small;\">https:\/\/humanistisch.de\/x\/hvd-bb\/inhalte\/unser-selbstverstaendnis<\/span><\/span><\/a><\/u><\/span><\/p>\n<p><span style=\"font-family: Calibri, sans-serif;\"><span style=\"font-size: small;\">Humanismus deutschlandweit \u2013 Die Internetseite des HVD Bundesverbandes:<\/span><\/span><\/p>\n<p><span style=\"color: #0563c1;\"><u><a href=\"http:\/\/www.humanismus.de\/\"><span style=\"font-family: Calibri, sans-serif;\"><span style=\"font-size: small;\">http:\/\/www.humanismus.de\/<\/span><\/span><\/a><\/u><\/span><\/p>\n<p><span style=\"color: #0563c1;\"><u><a href=\"https:\/\/humanistisch.de\/x\/hvd-bundesverband\"><span style=\"font-family: Calibri, sans-serif;\"><span style=\"font-size: small;\">https:\/\/humanistisch.de\/x\/hvd-bundesverband<\/span><\/span><\/a><\/u><\/span><\/p>\n<p><span style=\"font-family: Calibri, sans-serif;\"><span style=\"font-size: small;\">Wikipedia-Artikel zum HVD:<\/span><\/span><\/p>\n<p><span style=\"color: #0563c1;\"><u><a href=\"https:\/\/de.wikipedia.org\/wiki\/Humanistischer_Verband_Deutschlands\"><span style=\"font-family: Calibri, sans-serif;\"><span style=\"font-size: small;\">https:\/\/de.wikipedia.org\/wiki\/Humanistischer_Verband_Deutschlands<\/span><\/span><\/a><\/u><\/span><\/h3>\n<\/div><\/div><\/div><\/div><\/div><\/p>\n","protected":false},"excerpt":{"rendered":"","protected":false},"author":1,"featured_media":0,"parent":0,"menu_order":0,"comment_status":"closed","ping_status":"closed","template":"","meta":{"footnotes":""},"class_list":["post-1608","page","type-page","status-publish","hentry"],"_links":{"self":[{"href":"https:\/\/amtsfeld-grundschule.de\/index.php?rest_route=\/wp\/v2\/pages\/1608","targetHints":{"allow":["GET"]}}],"collection":[{"href":"https:\/\/amtsfeld-grundschule.de\/index.php?rest_route=\/wp\/v2\/pages"}],"about":[{"href":"https:\/\/amtsfeld-grundschule.de\/index.php?rest_route=\/wp\/v2\/types\/page"}],"author":[{"embeddable":true,"href":"https:\/\/amtsfeld-grundschule.de\/index.php?rest_route=\/wp\/v2\/users\/1"}],"replies":[{"embeddable":true,"href":"https:\/\/amtsfeld-grundschule.de\/index.php?rest_route=%2Fwp%2Fv2%2Fcomments&post=1608"}],"version-history":[{"count":9,"href":"https:\/\/amtsfeld-grundschule.de\/index.php?rest_route=\/wp\/v2\/pages\/1608\/revisions"}],"predecessor-version":[{"id":2349,"href":"https:\/\/amtsfeld-grundschule.de\/index.php?rest_route=\/wp\/v2\/pages\/1608\/revisions\/2349"}],"wp:attachment":[{"href":"https:\/\/amtsfeld-grundschule.de\/index.php?rest_route=%2Fwp%2Fv2%2Fmedia&parent=1608"}],"curies":[{"name":"wp","href":"https:\/\/api.w.org\/{rel}","templated":true}]}}